{"id":192,"date":"2023-12-20T09:44:43","date_gmt":"2023-12-20T08:44:43","guid":{"rendered":"https:\/\/psychologue-tdah-tsa.fr\/?page_id=192"},"modified":"2024-01-23T16:33:46","modified_gmt":"2024-01-23T15:33:46","slug":"tnd","status":"publish","type":"page","link":"https:\/\/psychologue-tdah-tsa.fr\/index.php\/accueil\/tnd\/","title":{"rendered":"Troubles du neurod\u00e9veloppement (TND)"},"content":{"rendered":"\n<div class=\"wp-block-group alignfull has-global-padding is-layout-constrained wp-block-group-is-layout-constrained\" style=\"padding-top:0;padding-right:var(--wp--preset--spacing--50);padding-bottom:0;padding-left:var(--wp--preset--spacing--50)\">\n<figure class=\"wp-block-image alignwide size-full is-style-rounded wp-duotone-duotone-2\"><img loading=\"lazy\" decoding=\"async\" width=\"1500\" height=\"703\" src=\"http:\/\/psychologue-tdah-tsa.fr\/wp-content\/uploads\/2023\/12\/neurones-arbres.jpg\" alt=\"\" class=\"wp-image-283\" srcset=\"https:\/\/psychologue-tdah-tsa.fr\/wp-content\/uploads\/2023\/12\/neurones-arbres.jpg 1500w, https:\/\/psychologue-tdah-tsa.fr\/wp-content\/uploads\/2023\/12\/neurones-arbres-300x141.jpg 300w, https:\/\/psychologue-tdah-tsa.fr\/wp-content\/uploads\/2023\/12\/neurones-arbres-1024x480.jpg 1024w, https:\/\/psychologue-tdah-tsa.fr\/wp-content\/uploads\/2023\/12\/neurones-arbres-768x360.jpg 768w\" sizes=\"(max-width: 1500px) 100vw, 1500px\" \/><figcaption class=\"wp-element-caption\">Algues, R&amp;E Bouroullec<\/figcaption><\/figure>\n\n\n\n<div class=\"wp-block-group has-global-padding is-layout-constrained wp-container-core-group-layout-1 wp-block-group-is-layout-constrained\">\n<h1 class=\"wp-block-heading has-text-align-center has-x-large-font-size\">TND \u00e0 l&rsquo;\u00e2ge adulte<\/h1>\n\n\n\n<div style=\"height:52px\" aria-hidden=\"true\" class=\"wp-block-spacer\"><\/div>\n\n\n\n<p class=\"has-text-align-center\">Les troubles du neurod\u00e9veloppement (<strong>TND<\/strong>) regroupent, selon les classifications diagnostiques internationales, <strong>six grands types<\/strong> d&rsquo;affections, cat\u00e9goris\u00e9es selon les fonctions impact\u00e9es : trouble du <strong>d\u00e9veloppement intellectuel<\/strong> (TDI), trouble du spectre de l\u2019<strong>autisme <\/strong>(TSA), trouble d\u00e9ficit de l\u2019<strong>attention <\/strong>avec ou sans <strong>hyperactivit\u00e9<\/strong> (TDAH), troubles de la <strong>communication<\/strong> (langage oral, communication sociale), troubles sp\u00e9cifiques des <strong>apprentissages<\/strong> (langage \u00e9crit, nombre), troubles <strong>moteurs<\/strong> (Trouble du d\u00e9veloppement de la coordination, tics). <\/p>\n\n\n\n<div style=\"height:59px\" aria-hidden=\"true\" class=\"wp-block-spacer\"><\/div>\n<\/div>\n<\/div>\n\n\n\n<div class=\"wp-block-group alignfull has-custom-gris-clair-background-color has-background has-global-padding is-layout-constrained wp-block-group-is-layout-constrained\" style=\"margin-top:0;margin-bottom:0;padding-top:var(--wp--preset--spacing--30);padding-right:var(--wp--preset--spacing--50);padding-bottom:var(--wp--preset--spacing--30);padding-left:var(--wp--preset--spacing--50)\">\n<div class=\"wp-block-group alignwide has-global-padding is-layout-constrained wp-container-core-group-layout-3 wp-block-group-is-layout-constrained\">\n<div style=\"height:var(--wp--preset--spacing--40)\" aria-hidden=\"true\" class=\"wp-block-spacer\"><\/div>\n\n\n\n<div class=\"wp-block-columns alignwide is-layout-flex wp-container-core-columns-layout-1 wp-block-columns-is-layout-flex\">\n<div class=\"wp-block-column is-vertically-aligned-center is-layout-flow wp-block-column-is-layout-flow\" style=\"flex-basis:40%\">\n<h3 class=\"wp-block-heading is-style-asterisk\">Quelques chiffres*<\/h3>\n\n\n\n<ul>\n<li>Les TND concerneraient<strong> 1 personne sur 6<\/strong>, soit + de <strong>11 millions<\/strong> de personnes en France. <\/li>\n\n\n\n<li>D\u2019autres <strong>pathologies<\/strong> y sont fr\u00e9quemment<strong> associ\u00e9es<\/strong> : \u00e9pilepsie, troubles gastro-intestinaux, pathologies cardio-vasculaires, pathologies de la vision et de l\u2019audition, troubles du sommeil, troubles du comportement alimentaire, troubles anxieux et d\u00e9pression.<\/li>\n<\/ul>\n\n\n\n<p class=\"has-text-color has-link-color has-small-font-size wp-elements-5fd3d0afca3159aa1cd763e0db7bd915\" style=\"color:#575656b8\"><em><em>*<\/em><\/em><a href=\"https:\/\/handicap.gouv.fr\/nouvelle-strategie-nationale-pour-les-troubles-du-neurodeveloppement-autisme-dys-tdah-tdi\"><em>Strat\u00e9gie nationale 2023-2027<\/em><\/a><em><em> pour les troubles du neuro-d\u00e9veloppement<\/em><\/em><\/p>\n<\/div>\n\n\n\n<div class=\"wp-block-column is-layout-flow wp-block-column-is-layout-flow\" style=\"flex-basis:50%\">\n<figure class=\"wp-block-image size-full is-style-rounded wp-duotone-unset-1\"><img loading=\"lazy\" decoding=\"async\" width=\"637\" height=\"425\" src=\"http:\/\/psychologue-tdah-tsa.fr\/wp-content\/uploads\/2023\/12\/chiffres-cles3-1.png\" alt=\"\" class=\"wp-image-221\" srcset=\"https:\/\/psychologue-tdah-tsa.fr\/wp-content\/uploads\/2023\/12\/chiffres-cles3-1.png 637w, https:\/\/psychologue-tdah-tsa.fr\/wp-content\/uploads\/2023\/12\/chiffres-cles3-1-300x200.png 300w\" sizes=\"(max-width: 637px) 100vw, 637px\" \/><\/figure>\n<\/div>\n<\/div>\n\n\n\n<div style=\"height:var(--wp--preset--spacing--40)\" aria-hidden=\"true\" class=\"wp-block-spacer\"><\/div>\n\n\n\n<div class=\"wp-block-columns alignwide is-layout-flex wp-container-core-columns-layout-2 wp-block-columns-is-layout-flex\">\n<div class=\"wp-block-column is-layout-flow wp-block-column-is-layout-flow\" style=\"flex-basis:50%\">\n<figure class=\"wp-block-image size-full is-style-rounded wp-duotone-unset-2\"><img loading=\"lazy\" decoding=\"async\" width=\"637\" height=\"425\" src=\"http:\/\/psychologue-tdah-tsa.fr\/wp-content\/uploads\/2023\/12\/chiffres-cles6.png\" alt=\"\" class=\"wp-image-225\" srcset=\"https:\/\/psychologue-tdah-tsa.fr\/wp-content\/uploads\/2023\/12\/chiffres-cles6.png 637w, https:\/\/psychologue-tdah-tsa.fr\/wp-content\/uploads\/2023\/12\/chiffres-cles6-300x200.png 300w\" sizes=\"(max-width: 637px) 100vw, 637px\" \/><\/figure>\n<\/div>\n\n\n\n<div class=\"wp-block-column is-vertically-aligned-center is-layout-flow wp-block-column-is-layout-flow\" style=\"flex-basis:40%\">\n<h3 class=\"wp-block-heading is-style-asterisk\">Des troubles parfois mal (re)connus chez l&rsquo;adulte<\/h3>\n\n\n\n<p class=\"is-style-checkmark-list\">Bien qu&rsquo;ils <strong>d\u00e9butent<\/strong> au cours de l&rsquo;<strong>enfance<\/strong>, ces troubles <strong>persistent<\/strong> donc dans la majorit\u00e9 des cas \u00e0 l&rsquo;\u00e2ge <strong>adulte<\/strong>.<br>Les <strong>compensations<\/strong> mises en places, les \u00e9ventuelles <strong>pathologies <\/strong><b>associ\u00e9es<\/b>, peuvent les <strong>masquer<\/strong>, en <strong>modifier l&rsquo;expression<\/strong>, et donc impliquer un <strong>retard<\/strong> de <strong>rep\u00e9rage<\/strong>, faire <strong>obstacle<\/strong> au<strong> diagnostic<\/strong>. Certaines personnes peuvent ainsi vivre pendant plusieurs ann\u00e9es avec des <strong>diagnostics erron\u00e9s<\/strong> ou <strong>incomplets<\/strong>, et ne pas b\u00e9n\u00e9ficier des soins ad\u00e9quats<\/p>\n<\/div>\n<\/div>\n<\/div>\n\n\n\n<div style=\"height:29px\" aria-hidden=\"true\" class=\"wp-block-spacer\"><\/div>\n\n\n\n<figure class=\"wp-block-pullquote has-base-background-color has-background has-body-font-family has-medium-font-size\" style=\"line-height:1.5\"><blockquote><p>Il est, <strong>\u00e0 tout \u00e2ge<\/strong>,<strong> possible<\/strong> d&rsquo;\u00eatre <strong>diagnostiqu\u00e9\u00b7e<\/strong> <br>et de b\u00e9n\u00e9ficier d&rsquo;<strong>interventions<\/strong>, afin de <strong>comprendre<\/strong> <br>son fonctionnement, de <strong>r\u00e9duire<\/strong> ses <strong>difficult\u00e9s<\/strong> \u00e0 fonctionner au quotidien et la <strong>souffrance<\/strong> psychologique qui y est li\u00e9e, <br>et de <strong>gagner<\/strong> alors en <strong>bien-\u00eatre<\/strong> et en <strong>qualit\u00e9 de vie<\/strong>.<\/p><\/blockquote><\/figure>\n\n\n\n<div style=\"height:29px\" aria-hidden=\"true\" class=\"wp-block-spacer\"><\/div>\n\n\n\n<div class=\"wp-block-buttons is-content-justification-center is-layout-flex wp-container-core-buttons-layout-1 wp-block-buttons-is-layout-flex\">\n<div class=\"wp-block-button has-custom-width wp-block-button__width-50\"><a class=\"wp-block-button__link wp-element-button\" href=\"https:\/\/psychologue-tdah-tsa.fr\/index.php\/accueil\/pec\/\">Prise en charge<\/a><\/div>\n<\/div>\n\n\n\n<div style=\"height:29px\" aria-hidden=\"true\" class=\"wp-block-spacer\"><\/div>\n<\/div>\n\n\n\n<div style=\"height:49px\" aria-hidden=\"true\" class=\"wp-block-spacer\"><\/div>\n\n\n\n<h1 class=\"wp-block-heading has-text-align-center has-x-large-font-size\">Focus sur deux troubles neurod\u00e9veloppementaux <\/h1>\n\n\n\n<div style=\"height:1.25rem\" aria-hidden=\"true\" class=\"wp-block-spacer\"><\/div>\n\n\n\n<p class=\"has-text-align-center\">Le Trouble D\u00e9ficit de l&rsquo;Attention avec ou sans Hyperactivit\u00e9<br>et le Trouble du Spectre de l&rsquo;Autisme<\/p>\n\n\n\n<div style=\"height:69px\" aria-hidden=\"true\" class=\"wp-block-spacer\"><\/div>\n\n\n\n<div class=\"wp-block-group alignfull has-base-2-background-color has-background has-global-padding is-layout-constrained wp-block-group-is-layout-constrained\" style=\"margin-top:0;margin-bottom:0;padding-top:var(--wp--preset--spacing--40);padding-right:var(--wp--preset--spacing--50);padding-bottom:var(--wp--preset--spacing--40);padding-left:var(--wp--preset--spacing--50)\">\n<div class=\"wp-block-group is-vertical is-content-justification-center is-layout-flex wp-container-core-group-layout-5 wp-block-group-is-layout-flex\">\n<h2 class=\"wp-block-heading has-text-align-center is-style-asterisk\">Qu&rsquo;est-ce que le TDA\/H ?<\/h2>\n\n\n\n<div style=\"height:0px\" aria-hidden=\"true\" class=\"wp-block-spacer wp-container-content-3\"><\/div>\n\n\n\n<p class=\"has-text-align-center\">Les premiers sympt\u00f4mes du TDAH <strong>apparaissent <\/strong>dans l&rsquo;<strong>enfance<\/strong>. <br>Ce trouble se manifeste par des difficult\u00e9s de r\u00e9gulation <strong>attentionnelle<\/strong> et\/ou de l&rsquo;<strong>impulsivit\u00e9<\/strong> et de l&rsquo;<strong>hyperactivit\u00e9<\/strong>. Des difficult\u00e9s d&rsquo;<strong>organisation<\/strong> et de r\u00e9gulation <strong>\u00e9motionnelle<\/strong> s&rsquo;observent \u00e9galement fr\u00e9quemment. Il peut impacter de nombreuses t\u00e2ches de la <strong>vie<\/strong> <strong>quotidienne<\/strong>, les <strong>relations sociales<\/strong>, ou encore le parcours <strong>acad\u00e9mique<\/strong> et <strong>professionnel<\/strong>.<\/p>\n\n\n\n<div style=\"height:49px\" aria-hidden=\"true\" class=\"wp-block-spacer wp-container-content-4\"><\/div>\n\n\n\n<div class=\"wp-block-buttons is-layout-flex wp-block-buttons-is-layout-flex\">\n<div class=\"wp-block-button\"><a class=\"wp-block-button__link wp-element-button\" href=\"http:\/\/psychologue-tdah-tsa.fr\/index.php\/accueil\/tnd\/tdah\">En savoir +<\/a><\/div>\n<\/div>\n<\/div>\n<\/div>\n\n\n\n<div class=\"wp-block-group alignfull has-custom-gris-clair-background-color has-background has-global-padding is-layout-constrained wp-block-group-is-layout-constrained\" style=\"margin-top:0;margin-bottom:0;padding-top:var(--wp--preset--spacing--40);padding-right:var(--wp--preset--spacing--50);padding-bottom:var(--wp--preset--spacing--40);padding-left:var(--wp--preset--spacing--50)\">\n<div class=\"wp-block-group is-vertical is-content-justification-center is-layout-flex wp-container-core-group-layout-7 wp-block-group-is-layout-flex\">\n<h2 class=\"wp-block-heading has-text-align-center is-style-asterisk\">Qu&rsquo;est-ce que le TSA ?<\/h2>\n\n\n\n<div style=\"height:0px\" aria-hidden=\"true\" class=\"wp-block-spacer wp-container-content-5\"><\/div>\n\n\n\n<p class=\"has-text-align-center\">Le TSA <strong>d\u00e9bute <\/strong>\u00e9galement dans l&rsquo;<strong>enfance<\/strong>, et se caract\u00e9rise par des difficult\u00e9s dans la <strong>communication<\/strong> et les <strong>interactions sociales<\/strong>, <br>ainsi que par une <strong>rigidit\u00e9<\/strong> face au changement, ou encore une <strong>atypicit\u00e9<\/strong> de la <strong>sensorialit\u00e9<\/strong>, des <strong>comportements<\/strong> et des <strong>int\u00e9r\u00eats<\/strong>. <\/p>\n\n\n\n<div style=\"height:49px\" aria-hidden=\"true\" class=\"wp-block-spacer wp-container-content-6\"><\/div>\n\n\n\n<div class=\"wp-block-buttons is-layout-flex wp-block-buttons-is-layout-flex\">\n<div class=\"wp-block-button\"><a class=\"wp-block-button__link wp-element-button\" href=\"https:\/\/psychologue-tdah-tsa.fr\/index.php\/accueil\/tnd\/tsa\">En savoir +<\/a><\/div>\n<\/div>\n<\/div>\n<\/div>\n\n\n\n<div class=\"wp-block-group alignfull has-custom-bleu-background-color has-background has-global-padding is-layout-constrained wp-block-group-is-layout-constrained\" style=\"margin-top:0;margin-bottom:0;padding-top:var(--wp--preset--spacing--40);padding-right:var(--wp--preset--spacing--50);padding-bottom:var(--wp--preset--spacing--40);padding-left:var(--wp--preset--spacing--50)\">\n<div class=\"wp-block-group is-vertical is-content-justification-center is-layout-flex wp-container-core-group-layout-9 wp-block-group-is-layout-flex\">\n<h2 class=\"wp-block-heading has-text-align-center is-style-asterisk has-base-2-color has-text-color has-link-color wp-elements-38103f4e3f502ec22ab134b0b10709df\">Ressources en ligne sur les TND<\/h2>\n\n\n\n<div style=\"height:0px\" aria-hidden=\"true\" class=\"wp-block-spacer wp-container-content-7\"><\/div>\n\n\n\n<p class=\"has-text-align-center has-custom-gris-clair-color has-text-color has-link-color wp-elements-447f004e25417af037f333cbcda73487\">Quelques sites proposant des <strong>informations fiables<\/strong> <br>sur le Trouble D\u00e9ficit de l&rsquo;Attention avec ou sans Hyperactivit\u00e9 (<strong>TDA\/H<\/strong>) <br>et sur le Trouble du Spectre de l&rsquo;Autisme (<strong>TSA<\/strong>) chez l&rsquo;adulte.<\/p>\n\n\n\n<div style=\"height:49px\" aria-hidden=\"true\" class=\"wp-block-spacer wp-container-content-8\"><\/div>\n\n\n\n<div class=\"wp-block-buttons is-layout-flex wp-block-buttons-is-layout-flex\">\n<div class=\"wp-block-button\"><a class=\"wp-block-button__link wp-element-button\" href=\"https:\/\/psychologue-tdah-tsa.fr\/index.php\/accueil\/tnd\/ressources\/\">Lire la suite<\/a><\/div>\n<\/div>\n<\/div>\n<\/div>\n","protected":false},"excerpt":{"rendered":"<p>TND \u00e0 l&rsquo;\u00e2ge adulte Les troubles du neurod\u00e9veloppement (TND) regroupent, selon les classifications diagnostiques internationales, six grands types d&rsquo;affections, cat\u00e9goris\u00e9es selon les fonctions impact\u00e9es : trouble du d\u00e9veloppement intellectuel (TDI), trouble du spectre de l\u2019autisme (TSA), trouble d\u00e9ficit de l\u2019attention avec ou sans hyperactivit\u00e9 (TDAH), troubles de la communication (langage oral, communication sociale), troubles sp\u00e9cifiques [&hellip;]<\/p>\n","protected":false},"author":1,"featured_media":0,"parent":207,"menu_order":1,"comment_status":"closed","ping_status":"closed","template":"page-no-title","meta":{"footnotes":""},"_links":{"self":[{"href":"https:\/\/psychologue-tdah-tsa.fr\/index.php\/wp-json\/wp\/v2\/pages\/192"}],"collection":[{"href":"https:\/\/psychologue-tdah-tsa.fr\/index.php\/wp-json\/wp\/v2\/pages"}],"about":[{"href":"https:\/\/psychologue-tdah-tsa.fr\/index.php\/wp-json\/wp\/v2\/types\/page"}],"author":[{"embeddable":true,"href":"https:\/\/psychologue-tdah-tsa.fr\/index.php\/wp-json\/wp\/v2\/users\/1"}],"replies":[{"embeddable":true,"href":"https:\/\/psychologue-tdah-tsa.fr\/index.php\/wp-json\/wp\/v2\/comments?post=192"}],"version-history":[{"count":57,"href":"https:\/\/psychologue-tdah-tsa.fr\/index.php\/wp-json\/wp\/v2\/pages\/192\/revisions"}],"predecessor-version":[{"id":1430,"href":"https:\/\/psychologue-tdah-tsa.fr\/index.php\/wp-json\/wp\/v2\/pages\/192\/revisions\/1430"}],"up":[{"embeddable":true,"href":"https:\/\/psychologue-tdah-tsa.fr\/index.php\/wp-json\/wp\/v2\/pages\/207"}],"wp:attachment":[{"href":"https:\/\/psychologue-tdah-tsa.fr\/index.php\/wp-json\/wp\/v2\/media?parent=192"}],"curies":[{"name":"wp","href":"https:\/\/api.w.org\/{rel}","templated":true}]}}